{"id":38,"date":"2022-10-24T14:29:15","date_gmt":"2022-10-24T14:29:15","guid":{"rendered":"https:\/\/moveandwalk.net\/?page_id=38"},"modified":"2024-05-29T08:04:02","modified_gmt":"2024-05-29T08:04:02","slug":"anpassad-grundskola-och-anpassad-gymnasieskola","status":"publish","type":"page","link":"https:\/\/movewalk.se\/en_gb\/anpassad-grundskola-och-anpassad-gymnasieskola\/","title":{"rendered":"School"},"content":{"rendered":"<p>[et_pb_section fb_built=&#8221;1&#8243; fullwidth=&#8221;on&#8221; custom_padding_last_edited=&#8221;on|phone&#8221; next_background_color=&#8221;#ffffff&#8221; _builder_version=&#8221;4.23.4&#8243; _module_preset=&#8221;default&#8221; background_color=&#8221;RGBA(255,255,255,0)&#8221; use_background_color_gradient=&#8221;on&#8221; background_color_gradient_direction=&#8221;111deg&#8221; background_color_gradient_stops=&#8221;#ffffff 0cm|rgba(255,255,255,0) 37cm&#8221; background_color_gradient_unit=&#8221;cm&#8221; background_color_gradient_overlays_image=&#8221;on&#8221; background_image=&#8221;https:\/\/movewalk.se\/wp-content\/uploads\/2022\/10\/IMG_5469-Skola.jpg&#8221; custom_padding=&#8221;200px||200px||false|false&#8221; custom_padding_tablet=&#8221;200px||200px||false|false&#8221; custom_padding_phone=&#8221;0px||0px||false|false&#8221; bottom_divider_style=&#8221;slant&#8221; bottom_divider_flip=&#8221;horizontal&#8221; background_last_edited=&#8221;on|phone&#8221; background_image_tablet=&#8221;https:\/\/moveandwalk.net\/wp-content\/uploads\/2022\/10\/IMG_5469-Skola.jpg&#8221; background_image_phone=&#8221;https:\/\/moveandwalk.net\/wp-content\/uploads\/2022\/10\/IMG_5469-Skola.jpg&#8221; background_enable_image_tablet=&#8221;on&#8221; background_enable_image_phone=&#8221;on&#8221; background_position_phone=&#8221;center&#8221; da_disable_devices=&#8221;off|off|off&#8221; global_colors_info=&#8221;{}&#8221; da_is_popup=&#8221;off&#8221; da_exit_intent=&#8221;off&#8221; da_has_close=&#8221;on&#8221; da_alt_close=&#8221;off&#8221; da_dark_close=&#8221;off&#8221; da_not_modal=&#8221;on&#8221; da_is_singular=&#8221;off&#8221; da_with_loader=&#8221;off&#8221; da_has_shadow=&#8221;on&#8221;][et_pb_fullwidth_header title=&#8221;Skola&#8221; subhead=&#8221;V\u00e4gen till ett sj\u00e4lvst\u00e4ndigare liv&#8221; button_one_text=&#8221;L\u00e4s mer&#8221; button_one_url=&#8221;\/konduktiv-pedagogik&#8221; button_two_text=&#8221;Kontakta oss&#8221; button_two_url=&#8221;\/kontakta-oss\/&#8221; content_max_width=&#8221;60%&#8221; content_max_width_tablet=&#8221;60%&#8221; content_max_width_phone=&#8221;100%&#8221; content_max_width_last_edited=&#8221;on|phone&#8221; _builder_version=&#8221;4.23.4&#8243; _module_preset=&#8221;default&#8221; title_text_color=&#8221;#424042&#8243; title_font_size=&#8221;68px&#8221; title_line_height=&#8221;1.5em&#8221; content_text_color=&#8221;#424042&#8243; subhead_text_color=&#8221;#424042&#8243; subhead_font_size=&#8221;26px&#8221; subhead_line_height=&#8221;3em&#8221; background_color=&#8221;RGBA(255,255,255,0)&#8221; custom_button_one=&#8221;on&#8221; button_one_text_color=&#8221;#424042&#8243; button_one_bg_color=&#8221;#f7a823&#8243; button_one_border_width=&#8221;2px&#8221; button_one_border_color=&#8221;#f7a823&#8243; button_one_border_radius=&#8221;27px&#8221; button_one_icon=&#8221;&#x35;||divi||400&#8243; button_one_custom_margin=&#8221;6%||||false|false&#8221; custom_button_two=&#8221;on&#8221; button_two_bg_color=&#8221;#023f86&#8243; button_two_border_color=&#8221;#023f86&#8243; button_two_border_radius=&#8221;27px&#8221; button_two_icon=&#8221;&#x35;||divi||400&#8243; custom_padding=&#8221;47px||89px|||&#8221; title_font_size_tablet=&#8221;68px&#8221; title_font_size_phone=&#8221;40px&#8221; title_font_size_last_edited=&#8221;on|phone&#8221; title_line_height_tablet=&#8221;1.5em&#8221; title_line_height_phone=&#8221;1.3em&#8221; title_line_height_last_edited=&#8221;on|phone&#8221; subhead_font_size_tablet=&#8221;22px&#8221; subhead_font_size_phone=&#8221;16px&#8221; subhead_font_size_last_edited=&#8221;on|phone&#8221; button_one_text_size_tablet=&#8221;&#8221; button_one_text_size_phone=&#8221;16px&#8221; button_one_text_size_last_edited=&#8221;on|phone&#8221; button_two_text_size_tablet=&#8221;&#8221; button_two_text_size_phone=&#8221;16px&#8221; button_two_text_size_last_edited=&#8221;on|phone&#8221; global_colors_info=&#8221;{}&#8221;][\/et_pb_fullwidth_header][\/et_pb_section][et_pb_section fb_built=&#8221;1&#8243; disabled_on=&#8221;on|on|off&#8221; _builder_version=&#8221;4.19.1&#8243; _module_preset=&#8221;default&#8221; da_disable_devices=&#8221;off|off|off&#8221; global_colors_info=&#8221;{}&#8221; da_is_popup=&#8221;off&#8221; da_exit_intent=&#8221;off&#8221; da_has_close=&#8221;on&#8221; da_alt_close=&#8221;off&#8221; da_dark_close=&#8221;off&#8221; da_not_modal=&#8221;on&#8221; da_is_singular=&#8221;off&#8221; da_with_loader=&#8221;off&#8221; da_has_shadow=&#8221;on&#8221;][et_pb_row column_structure=&#8221;1_2,1_2&#8243; _builder_version=&#8221;4.18.0&#8243; _module_preset=&#8221;default&#8221; global_colors_info=&#8221;{}&#8221;][et_pb_column type=&#8221;1_2&#8243; _builder_version=&#8221;4.18.0&#8243; _module_preset=&#8221;default&#8221; global_colors_info=&#8221;{}&#8221;][et_pb_image src=&#8221;https:\/\/movewalk.se\/wp-content\/uploads\/2022\/10\/IMG_8325-scaled.jpg&#8221; alt=&#8221;Grodhopp&#8221; _builder_version=&#8221;4.20.4&#8243; _module_preset=&#8221;default&#8221; custom_margin=&#8221;|||-150px|false|false&#8221; border_radii=&#8221;on|13px|13px|13px|13px&#8221; global_colors_info=&#8221;{}&#8221;][\/et_pb_image][\/et_pb_column][et_pb_column type=&#8221;1_2&#8243; _builder_version=&#8221;4.18.0&#8243; _module_preset=&#8221;default&#8221; global_colors_info=&#8221;{}&#8221;][et_pb_text _builder_version=&#8221;4.25.1&#8243; _module_preset=&#8221;default&#8221; text_text_color=&#8221;#424042&#8243; text_font_size=&#8221;17px&#8221; header_font_size=&#8221;34px&#8221; width=&#8221;100%&#8221; custom_padding=&#8221;0px|0px|||false|false&#8221; hover_enabled=&#8221;0&#8243; global_colors_info=&#8221;{}&#8221; sticky_enabled=&#8221;0&#8243;]<\/p>\n<div class=\"elementor-element elementor-element-c719b5c elementor-widget elementor-widget-heading\" data-id=\"c719b5c\" data-element_type=\"widget\" data-widget_type=\"heading.default\">\n<div class=\"elementor-widget-container\">\n<h1 class=\"elementor-heading-title elementor-size-default\">Konduktiv Pedagogik i anpassad grundskola och anpassad gymnasieskola<\/h1>\n<\/div>\n<\/div>\n<div class=\"elementor-element elementor-element-388b566 elementor-widget elementor-widget-text-editor\" data-id=\"388b566\" data-element_type=\"widget\" data-widget_type=\"text-editor.default\">\n<div class=\"elementor-widget-container\">\n<p>&nbsp;<\/p>\n<p>En skoldag p\u00e5 Move &amp; Walk anpassad skola \u00e4r fylld av gl\u00e4dje och utveckling! Hos oss studerar eleverna utifr\u00e5n sina egna f\u00f6ruts\u00e4ttningar och unika behov. Tillsammans med er s\u00e4tter vi upp m\u00e5l f\u00f6r att ditt barn\/din ungdom ska kunna leva ett sj\u00e4lvst\u00e4ndigare liv &#8211; fyllt med gl\u00e4dje\u00e4mnen och framg\u00e5ngar.<\/p>\n<p>I Move &amp; Walk anpassad skola integrerar vi Konduktiv Pedagogik (KP) i l\u00e4roplanen. Det g\u00f6r att ditt barn\/din ungdom f\u00e5r f\u00f6rdelen i att ha tillg\u00e5ng till KP under hela skoldagen. V\u00e5ra pedagoger bygger upp motivationen hos ditt barn\/din ungdom genom aktiv kommunikation, motorik samt kognitiv och social interaktion.<\/p>\n<\/div>\n<\/div>\n<p>[\/et_pb_text][\/et_pb_column][\/et_pb_row][\/et_pb_section][et_pb_section fb_built=&#8221;1&#8243; disabled_on=&#8221;off|off|on&#8221; _builder_version=&#8221;4.19.1&#8243; _module_preset=&#8221;default&#8221; da_disable_devices=&#8221;off|off|off&#8221; global_colors_info=&#8221;{}&#8221; da_is_popup=&#8221;off&#8221; da_exit_intent=&#8221;off&#8221; da_has_close=&#8221;on&#8221; da_alt_close=&#8221;off&#8221; da_dark_close=&#8221;off&#8221; da_not_modal=&#8221;on&#8221; da_is_singular=&#8221;off&#8221; da_with_loader=&#8221;off&#8221; da_has_shadow=&#8221;on&#8221;][et_pb_row _builder_version=&#8221;4.19.1&#8243; _module_preset=&#8221;default&#8221; global_colors_info=&#8221;{}&#8221;][et_pb_column type=&#8221;4_4&#8243; _builder_version=&#8221;4.19.1&#8243; _module_preset=&#8221;default&#8221; global_colors_info=&#8221;{}&#8221;][et_pb_image src=&#8221;https:\/\/movewalk.se\/wp-content\/uploads\/2022\/10\/IMG_8325-scaled.jpg&#8221; _builder_version=&#8221;4.20.4&#8243; _module_preset=&#8221;default&#8221; border_radii=&#8221;on|16px|16px|16px|16px&#8221; global_colors_info=&#8221;{}&#8221;][\/et_pb_image][\/et_pb_column][\/et_pb_row][et_pb_row _builder_version=&#8221;4.19.1&#8243; _module_preset=&#8221;default&#8221; global_colors_info=&#8221;{}&#8221;][et_pb_column type=&#8221;4_4&#8243; _builder_version=&#8221;4.19.1&#8243; _module_preset=&#8221;default&#8221; global_colors_info=&#8221;{}&#8221;][et_pb_text _builder_version=&#8221;4.23.4&#8243; _module_preset=&#8221;default&#8221; global_colors_info=&#8221;{}&#8221;]<\/p>\n<div class=\"elementor-element elementor-element-c719b5c elementor-widget elementor-widget-heading\" data-id=\"c719b5c\" data-element_type=\"widget\" data-widget_type=\"heading.default\">\n<div class=\"elementor-widget-container\">\n<div class=\"elementor-element elementor-element-c719b5c elementor-widget elementor-widget-heading\" data-id=\"c719b5c\" data-element_type=\"widget\" data-widget_type=\"heading.default\">\n<div class=\"elementor-widget-container\">\n<h1 class=\"elementor-heading-title elementor-size-default\">Konduktiv Pedagogik i anpassad skola, grunds\u00e4rskola, gymnasies\u00e4rskola<\/h1>\n<\/div>\n<\/div>\n<div class=\"elementor-element elementor-element-388b566 elementor-widget elementor-widget-text-editor\" data-id=\"388b566\" data-element_type=\"widget\" data-widget_type=\"text-editor.default\">\n<div class=\"elementor-widget-container\">\n<p>Grunds\u00e4rskola och gymnasies\u00e4rskola \u00e4ndrar namn den 1 juli till anpassad grundskola och anpassad gymnasieskola.<\/p>\n<p>&nbsp;<\/p>\n<p>En skoldag p\u00e5 Move &amp; Walk anpassad skola \u00e4r fylld av gl\u00e4dje och utveckling! Hos oss arbetar eleverna utifr\u00e5n sina egna f\u00f6ruts\u00e4ttningar och unika behov. Tillsammans med er s\u00e4tter vi upp m\u00e5l f\u00f6r att ditt barn\/din ungdom ska kunna leva ett sj\u00e4lvst\u00e4ndigare liv &#8211; fyllt med gl\u00e4dje\u00e4mnen och framg\u00e5ngar.<\/p>\n<p>I Move &amp; Walk anpassad skola integrerar vi Konduktiv Pedagogik (KP) i l\u00e4roplanen. Det g\u00f6r att ditt barn\/din ungdom f\u00e5r f\u00f6rdelen i att ha tillg\u00e5ng till KP under hela skoldagen. V\u00e5ra pedagoger bygger upp motivationen hos ditt barn\/din ungdom genom aktiv kommunikation, motorik samt kognitiv och social interaktion.<\/p>\n<\/div>\n<\/div>\n<\/div>\n<\/div>\n<p>[\/et_pb_text][\/et_pb_column][\/et_pb_row][\/et_pb_section][et_pb_section fb_built=&#8221;1&#8243; disabled_on=&#8221;on|on|off&#8221; _builder_version=&#8221;4.20.4&#8243; _module_preset=&#8221;default&#8221; background_color=&#8221;#ec608a&#8221; background_image=&#8221;https:\/\/movewalk.se\/wp-content\/uploads\/2022\/10\/Move-Walk_Hand_White-30-912&#215;1024-1.png&#8221; background_size=&#8221;contain&#8221; background_position=&#8221;center_right&#8221; background_horizontal_offset=&#8221;36%&#8221; da_disable_devices=&#8221;off|off|off&#8221; global_colors_info=&#8221;{}&#8221; da_is_popup=&#8221;off&#8221; da_exit_intent=&#8221;off&#8221; da_has_close=&#8221;on&#8221; da_alt_close=&#8221;off&#8221; da_dark_close=&#8221;off&#8221; da_not_modal=&#8221;on&#8221; da_is_singular=&#8221;off&#8221; da_with_loader=&#8221;off&#8221; da_has_shadow=&#8221;on&#8221;][et_pb_row column_structure=&#8221;1_2,1_2&#8243; _builder_version=&#8221;4.18.0&#8243; _module_preset=&#8221;default&#8221; global_colors_info=&#8221;{}&#8221;][et_pb_column type=&#8221;1_2&#8243; _builder_version=&#8221;4.18.0&#8243; _module_preset=&#8221;default&#8221; global_colors_info=&#8221;{}&#8221;][et_pb_text _builder_version=&#8221;4.23.4&#8243; _module_preset=&#8221;default&#8221; text_text_color=&#8221;#424042&#8243; text_font_size=&#8221;17px&#8221; header_3_text_color=&#8221;#424042&#8243; width=&#8221;100%&#8221; max_width=&#8221;100%&#8221; custom_margin=&#8221;|-140px||-69px|false|false&#8221; global_colors_info=&#8221;{}&#8221;]<\/p>\n<div class=\"elementor-element elementor-element-d29ca4f elementor-widget elementor-widget-heading\" data-id=\"d29ca4f\" data-element_type=\"widget\" data-widget_type=\"heading.default\">\n<div class=\"elementor-widget-container\">\n<h3 class=\"elementor-heading-title elementor-size-default\">Allt m\u00f6jligg\u00f6rs av specialutbildade medarbetare<\/h3>\n<\/div>\n<\/div>\n<div class=\"elementor-element elementor-element-e7ead69 elementor-widget elementor-widget-text-editor\" data-id=\"e7ead69\" data-element_type=\"widget\" data-widget_type=\"text-editor.default\">\n<div class=\"elementor-widget-container\">\n<p>&nbsp;<\/p>\n<p>V\u00e5r personal best\u00e5r av Conductorer (speciall\u00e4rare), utbildade vid Andr\u00e1s Pet\u00f6 fakulten inom Semmelweis Universitet i Budapest, specialpedagoger\/speciall\u00e4rare med erfarenhet fr\u00e5n svensk anpassad grund- och gymnasieskola, l\u00e4rar- och elevassistenter. Vi har ocks\u00e5 kvalitetsutvecklare inom KP som handleder personalen i skolan. Conductorer, speciall\u00e4rare-\/ specialpedagoger, v\u00e5rdnadshavare och personliga assistenter har en n\u00e4ra dialog. Tillsammans skapas den individuella utvecklingsplanen med utg\u00e5ngspunkt fr\u00e5n varje elevs individuella behov.<\/p>\n<\/div>\n<\/div>\n<p>[\/et_pb_text][\/et_pb_column][et_pb_column type=&#8221;1_2&#8243; _builder_version=&#8221;4.18.0&#8243; _module_preset=&#8221;default&#8221; global_colors_info=&#8221;{}&#8221;][et_pb_text _builder_version=&#8221;4.23.4&#8243; _module_preset=&#8221;default&#8221; text_text_color=&#8221;#000000&#8243; header_4_text_color=&#8221;#424042&#8243; header_4_font_size=&#8221;20px&#8221; header_4_line_height=&#8221;1.3em&#8221; global_colors_info=&#8221;{}&#8221;]<\/p>\n<h4 class=\"elementor-heading-title elementor-size-default\">Varmt v\u00e4lkomna till v\u00e5ra skolor i Stockholm, G\u00f6teborg och Malm\u00f6!<\/h4>\n<p>[\/et_pb_text][et_pb_button button_url=&#8221;\/skola-solna&#8221; button_text=&#8221;Solna&#8221; _builder_version=&#8221;4.23.4&#8243; _module_preset=&#8221;default&#8221; custom_button=&#8221;on&#8221; button_text_color=&#8221;#424042&#8243; button_bg_color=&#8221;#00b4d0&#8243; button_border_width=&#8221;0px&#8221; button_border_radius=&#8221;23px&#8221; button_icon=&#8221;&#x35;||divi||400&#8243; custom_padding=&#8221;||0px|||&#8221; global_colors_info=&#8221;{}&#8221;][\/et_pb_button][et_pb_button button_url=&#8221;\/skola-goteborg&#8221; button_text=&#8221;G\u00f6teborg&#8221; _builder_version=&#8221;4.23.4&#8243; _module_preset=&#8221;default&#8221; custom_button=&#8221;on&#8221; button_text_color=&#8221;#424042&#8243; button_bg_color=&#8221;#00b4d0&#8243; button_border_width=&#8221;0px&#8221; button_border_radius=&#8221;23px&#8221; button_icon=&#8221;&#x35;||divi||400&#8243; custom_margin=&#8221;-75px|||150px|false|false&#8221; global_colors_info=&#8221;{}&#8221;][\/et_pb_button][et_pb_button button_url=&#8221;\/skola-malmo&#8221; button_text=&#8221;Malm\u00f6&#8221; _builder_version=&#8221;4.23.4&#8243; _module_preset=&#8221;default&#8221; custom_button=&#8221;on&#8221; button_text_color=&#8221;#424042&#8243; button_bg_color=&#8221;#00b4d0&#8243; button_border_width=&#8221;0px&#8221; button_border_radius=&#8221;23px&#8221; button_icon=&#8221;&#x35;||divi||400&#8243; custom_margin=&#8221;-75px|||350px|false|false&#8221; global_colors_info=&#8221;{}&#8221;][\/et_pb_button][\/et_pb_column][\/et_pb_row][\/et_pb_section][et_pb_section fb_built=&#8221;1&#8243; disabled_on=&#8221;off|off|on&#8221; _builder_version=&#8221;4.20.0&#8243; _module_preset=&#8221;default&#8221; background_color=&#8221;#ec608a&#8221; da_disable_devices=&#8221;off|off|off&#8221; global_colors_info=&#8221;{}&#8221; da_is_popup=&#8221;off&#8221; da_exit_intent=&#8221;off&#8221; da_has_close=&#8221;on&#8221; da_alt_close=&#8221;off&#8221; da_dark_close=&#8221;off&#8221; da_not_modal=&#8221;on&#8221; da_is_singular=&#8221;off&#8221; da_with_loader=&#8221;off&#8221; da_has_shadow=&#8221;on&#8221;][et_pb_row _builder_version=&#8221;4.19.1&#8243; _module_preset=&#8221;default&#8221; global_colors_info=&#8221;{}&#8221;][et_pb_column type=&#8221;4_4&#8243; _builder_version=&#8221;4.19.1&#8243; _module_preset=&#8221;default&#8221; global_colors_info=&#8221;{}&#8221;][et_pb_text _builder_version=&#8221;4.20.4&#8243; _module_preset=&#8221;default&#8221; global_colors_info=&#8221;{}&#8221;]<\/p>\n<div class=\"elementor-element elementor-element-d29ca4f elementor-widget elementor-widget-heading\" data-id=\"d29ca4f\" data-element_type=\"widget\" data-widget_type=\"heading.default\">\n<div class=\"elementor-widget-container\">\n<h3 class=\"elementor-heading-title elementor-size-default\">Allt m\u00f6jligg\u00f6rs av specialutbildade medarbetare<\/h3>\n<\/div>\n<\/div>\n<div class=\"elementor-element elementor-element-e7ead69 elementor-widget elementor-widget-text-editor\" data-id=\"e7ead69\" data-element_type=\"widget\" data-widget_type=\"text-editor.default\">\n<div class=\"elementor-widget-container\">\n<p>&nbsp;<\/p>\n<p>V\u00e5r personal best\u00e5r av Conductorer (speciall\u00e4rare), utbildade vid Andr\u00e1s Pet\u00f6 fakulten inom Semmelweis Universitet i Budapest, specialpedagoger\/speciall\u00e4rare med erfarenhet fr\u00e5n svensk anpassad grund- och gymnasieskola, l\u00e4rar- och elevassistenter. Vi har ocks\u00e5 kvalitetsutvecklare inom KP som handleder personalen i skolan. Conductorer, speciall\u00e4rare-\/ specialpedagoger, v\u00e5rdnadshavare och personliga assistenter har en n\u00e4ra dialog. Tillsammans skapas den individuella utvecklingsplanen med utg\u00e5ngspunkt fr\u00e5n varje elevs individuella behov.<\/p>\n<\/div>\n<\/div>\n<p>[\/et_pb_text][\/et_pb_column][\/et_pb_row][et_pb_row _builder_version=&#8221;4.19.1&#8243; _module_preset=&#8221;default&#8221; global_colors_info=&#8221;{}&#8221;][et_pb_column type=&#8221;4_4&#8243; _builder_version=&#8221;4.19.1&#8243; _module_preset=&#8221;default&#8221; global_colors_info=&#8221;{}&#8221;][et_pb_text _builder_version=&#8221;4.19.1&#8243; _module_preset=&#8221;default&#8221; global_colors_info=&#8221;{}&#8221;]<\/p>\n<p>Varmt v\u00e4lkomna till v\u00e5ra skolor i Stockholm, G\u00f6teborg och Malm\u00f6!<\/p>\n<p>[\/et_pb_text][\/et_pb_column][\/et_pb_row][et_pb_row _builder_version=&#8221;4.19.1&#8243; _module_preset=&#8221;default&#8221; global_colors_info=&#8221;{}&#8221;][et_pb_column type=&#8221;4_4&#8243; _builder_version=&#8221;4.19.1&#8243; _module_preset=&#8221;default&#8221; global_colors_info=&#8221;{}&#8221;][et_pb_button button_url=&#8221;\/skola-solna&#8221; button_text=&#8221;Solna&#8221; _builder_version=&#8221;4.20.4&#8243; _module_preset=&#8221;default&#8221; custom_button=&#8221;on&#8221; button_text_color=&#8221;#FFFFFF&#8221; button_bg_color=&#8221;#00b4d0&#8243; button_border_width=&#8221;0px&#8221; button_border_radius=&#8221;23px&#8221; button_icon=&#8221;&#x35;||divi||400&#8243; global_colors_info=&#8221;{}&#8221;][\/et_pb_button][et_pb_button button_url=&#8221;\/skola-goteborg&#8221; button_text=&#8221;G\u00f6teborg&#8221; _builder_version=&#8221;4.20.4&#8243; _module_preset=&#8221;default&#8221; custom_button=&#8221;on&#8221; button_text_color=&#8221;#FFFFFF&#8221; button_bg_color=&#8221;#00b4d0&#8243; button_border_width=&#8221;0px&#8221; button_border_radius=&#8221;23px&#8221; button_icon=&#8221;&#x35;||divi||400&#8243; global_colors_info=&#8221;{}&#8221;][\/et_pb_button][et_pb_button button_url=&#8221;\/skola-malmo&#8221; button_text=&#8221;Malm\u00f6&#8221; _builder_version=&#8221;4.20.4&#8243; _module_preset=&#8221;default&#8221; custom_button=&#8221;on&#8221; button_text_color=&#8221;#FFFFFF&#8221; button_bg_color=&#8221;#00b4d0&#8243; button_border_width=&#8221;0px&#8221; button_border_radius=&#8221;23px&#8221; button_icon=&#8221;&#x35;||divi||400&#8243; global_colors_info=&#8221;{}&#8221;][\/et_pb_button][\/et_pb_column][\/et_pb_row][\/et_pb_section]<\/p>\n","protected":false},"excerpt":{"rendered":"<p>Konduktiv Pedagogik i anpassad grundskola och anpassad gymnasieskola &nbsp; En skoldag p\u00e5 Move &amp; Walk anpassad skola \u00e4r fylld av gl\u00e4dje och utveckling! Hos oss studerar eleverna utifr\u00e5n sina egna f\u00f6ruts\u00e4ttningar och unika behov. Tillsammans med er s\u00e4tter vi upp m\u00e5l f\u00f6r att ditt barn\/din ungdom ska kunna leva ett sj\u00e4lvst\u00e4ndigare liv &#8211; fyllt med [&hellip;]<\/p>\n","protected":false},"author":1,"featured_media":0,"parent":0,"menu_order":0,"comment_status":"closed","ping_status":"closed","template":"","meta":{"_acf_changed":false,"_et_pb_use_builder":"on","_et_pb_old_content":"<!-- wp:divi\/placeholder \/-->","_et_gb_content_width":"","footnotes":""},"class_list":["post-38","page","type-page","status-publish","hentry"],"acf":[],"yoast_head":"<!-- This site is optimized with the Yoast SEO plugin v27.4 - https:\/\/yoast.com\/product\/yoast-seo-wordpress\/ -->\n<title>Anpassad grundskola och anpassad gymnasieskola<\/title>\n<meta name=\"description\" content=\"En skoldag p\u00e5 v\u00e5r anpassad grundskola och anpassad gymnasieskola \u00e4r fylld av gl\u00e4dje och utveckling f\u00f6r ett sj\u00e4lvst\u00e4ndigare liv.\" \/>\n<meta name=\"robots\" content=\"index, follow, max-snippet:-1, max-image-preview:large, max-video-preview:-1\" \/>\n<link rel=\"canonical\" href=\"https:\/\/movewalk.se\/en_gb\/anpassad-grundskola-och-anpassad-gymnasieskola\/\" \/>\n<meta property=\"og:locale\" content=\"en_GB\" \/>\n<meta property=\"og:type\" content=\"article\" \/>\n<meta property=\"og:title\" content=\"Anpassad grundskola och anpassad gymnasieskola\" \/>\n<meta property=\"og:description\" content=\"En skoldag p\u00e5 v\u00e5r anpassad grundskola och anpassad gymnasieskola \u00e4r fylld av gl\u00e4dje och utveckling f\u00f6r ett sj\u00e4lvst\u00e4ndigare liv.\" \/>\n<meta property=\"og:url\" content=\"https:\/\/movewalk.se\/en_gb\/anpassad-grundskola-och-anpassad-gymnasieskola\/\" \/>\n<meta property=\"og:site_name\" content=\"Move &amp; Walk\" \/>\n<meta property=\"article:modified_time\" content=\"2024-05-29T08:04:02+00:00\" \/>\n<meta name=\"twitter:card\" content=\"summary_large_image\" \/>\n<meta name=\"twitter:label1\" content=\"Estimated reading time\" \/>\n\t<meta name=\"twitter:data1\" content=\"3 minutes\" \/>\n<script type=\"application\/ld+json\" class=\"yoast-schema-graph\">{\"@context\":\"https:\\\/\\\/schema.org\",\"@graph\":[{\"@type\":\"WebPage\",\"@id\":\"https:\\\/\\\/movewalk.se\\\/anpassad-grundskola-och-anpassad-gymnasieskola\\\/\",\"url\":\"https:\\\/\\\/movewalk.se\\\/anpassad-grundskola-och-anpassad-gymnasieskola\\\/\",\"name\":\"Anpassad grundskola och anpassad gymnasieskola\",\"isPartOf\":{\"@id\":\"https:\\\/\\\/movewalk.se\\\/#website\"},\"datePublished\":\"2022-10-24T14:29:15+00:00\",\"dateModified\":\"2024-05-29T08:04:02+00:00\",\"description\":\"En skoldag p\u00e5 v\u00e5r anpassad grundskola och anpassad gymnasieskola \u00e4r fylld av gl\u00e4dje och utveckling f\u00f6r ett sj\u00e4lvst\u00e4ndigare liv.\",\"breadcrumb\":{\"@id\":\"https:\\\/\\\/movewalk.se\\\/anpassad-grundskola-och-anpassad-gymnasieskola\\\/#breadcrumb\"},\"inLanguage\":\"en-GB\",\"potentialAction\":[{\"@type\":\"ReadAction\",\"target\":[\"https:\\\/\\\/movewalk.se\\\/anpassad-grundskola-och-anpassad-gymnasieskola\\\/\"]}]},{\"@type\":\"BreadcrumbList\",\"@id\":\"https:\\\/\\\/movewalk.se\\\/anpassad-grundskola-och-anpassad-gymnasieskola\\\/#breadcrumb\",\"itemListElement\":[{\"@type\":\"ListItem\",\"position\":1,\"name\":\"Home\",\"item\":\"https:\\\/\\\/movewalk.se\\\/\"},{\"@type\":\"ListItem\",\"position\":2,\"name\":\"Skola\"}]},{\"@type\":\"WebSite\",\"@id\":\"https:\\\/\\\/movewalk.se\\\/#website\",\"url\":\"https:\\\/\\\/movewalk.se\\\/\",\"name\":\"Move & Walk\",\"description\":\"V\u00e4gen till ett sj\u00e4lvst\u00e4ndigare liv\",\"publisher\":{\"@id\":\"https:\\\/\\\/movewalk.se\\\/#organization\"},\"potentialAction\":[{\"@type\":\"SearchAction\",\"target\":{\"@type\":\"EntryPoint\",\"urlTemplate\":\"https:\\\/\\\/movewalk.se\\\/?s={search_term_string}\"},\"query-input\":{\"@type\":\"PropertyValueSpecification\",\"valueRequired\":true,\"valueName\":\"search_term_string\"}}],\"inLanguage\":\"en-GB\"},{\"@type\":\"Organization\",\"@id\":\"https:\\\/\\\/movewalk.se\\\/#organization\",\"name\":\"Move & Walk\",\"url\":\"https:\\\/\\\/movewalk.se\\\/\",\"logo\":{\"@type\":\"ImageObject\",\"inLanguage\":\"en-GB\",\"@id\":\"https:\\\/\\\/movewalk.se\\\/#\\\/schema\\\/logo\\\/image\\\/\",\"url\":\"https:\\\/\\\/movewalk.se\\\/wp-content\\\/uploads\\\/2023\\\/02\\\/MoveWalk_med-text.png\",\"contentUrl\":\"https:\\\/\\\/movewalk.se\\\/wp-content\\\/uploads\\\/2023\\\/02\\\/MoveWalk_med-text.png\",\"width\":1182,\"height\":211,\"caption\":\"Move & Walk\"},\"image\":{\"@id\":\"https:\\\/\\\/movewalk.se\\\/#\\\/schema\\\/logo\\\/image\\\/\"}}]}<\/script>\n<!-- \/ Yoast SEO plugin. -->","yoast_head_json":{"title":"Anpassad grundskola och anpassad gymnasieskola","description":"En skoldag p\u00e5 v\u00e5r anpassad grundskola och anpassad gymnasieskola \u00e4r fylld av gl\u00e4dje och utveckling f\u00f6r ett sj\u00e4lvst\u00e4ndigare liv.","robots":{"index":"index","follow":"follow","max-snippet":"max-snippet:-1","max-image-preview":"max-image-preview:large","max-video-preview":"max-video-preview:-1"},"canonical":"https:\/\/movewalk.se\/en_gb\/anpassad-grundskola-och-anpassad-gymnasieskola\/","og_locale":"en_GB","og_type":"article","og_title":"Anpassad grundskola och anpassad gymnasieskola","og_description":"En skoldag p\u00e5 v\u00e5r anpassad grundskola och anpassad gymnasieskola \u00e4r fylld av gl\u00e4dje och utveckling f\u00f6r ett sj\u00e4lvst\u00e4ndigare liv.","og_url":"https:\/\/movewalk.se\/en_gb\/anpassad-grundskola-och-anpassad-gymnasieskola\/","og_site_name":"Move &amp; Walk","article_modified_time":"2024-05-29T08:04:02+00:00","twitter_card":"summary_large_image","twitter_misc":{"Estimated reading time":"3 minutes"},"schema":{"@context":"https:\/\/schema.org","@graph":[{"@type":"WebPage","@id":"https:\/\/movewalk.se\/anpassad-grundskola-och-anpassad-gymnasieskola\/","url":"https:\/\/movewalk.se\/anpassad-grundskola-och-anpassad-gymnasieskola\/","name":"Anpassad grundskola och anpassad gymnasieskola","isPartOf":{"@id":"https:\/\/movewalk.se\/#website"},"datePublished":"2022-10-24T14:29:15+00:00","dateModified":"2024-05-29T08:04:02+00:00","description":"En skoldag p\u00e5 v\u00e5r anpassad grundskola och anpassad gymnasieskola \u00e4r fylld av gl\u00e4dje och utveckling f\u00f6r ett sj\u00e4lvst\u00e4ndigare liv.","breadcrumb":{"@id":"https:\/\/movewalk.se\/anpassad-grundskola-och-anpassad-gymnasieskola\/#breadcrumb"},"inLanguage":"en-GB","potentialAction":[{"@type":"ReadAction","target":["https:\/\/movewalk.se\/anpassad-grundskola-och-anpassad-gymnasieskola\/"]}]},{"@type":"BreadcrumbList","@id":"https:\/\/movewalk.se\/anpassad-grundskola-och-anpassad-gymnasieskola\/#breadcrumb","itemListElement":[{"@type":"ListItem","position":1,"name":"Home","item":"https:\/\/movewalk.se\/"},{"@type":"ListItem","position":2,"name":"Skola"}]},{"@type":"WebSite","@id":"https:\/\/movewalk.se\/#website","url":"https:\/\/movewalk.se\/","name":"Move & Walk","description":"The path to a more independent life","publisher":{"@id":"https:\/\/movewalk.se\/#organization"},"potentialAction":[{"@type":"SearchAction","target":{"@type":"EntryPoint","urlTemplate":"https:\/\/movewalk.se\/?s={search_term_string}"},"query-input":{"@type":"PropertyValueSpecification","valueRequired":true,"valueName":"search_term_string"}}],"inLanguage":"en-GB"},{"@type":"Organization","@id":"https:\/\/movewalk.se\/#organization","name":"Move & Walk","url":"https:\/\/movewalk.se\/","logo":{"@type":"ImageObject","inLanguage":"en-GB","@id":"https:\/\/movewalk.se\/#\/schema\/logo\/image\/","url":"https:\/\/movewalk.se\/wp-content\/uploads\/2023\/02\/MoveWalk_med-text.png","contentUrl":"https:\/\/movewalk.se\/wp-content\/uploads\/2023\/02\/MoveWalk_med-text.png","width":1182,"height":211,"caption":"Move & Walk"},"image":{"@id":"https:\/\/movewalk.se\/#\/schema\/logo\/image\/"}}]}},"_links":{"self":[{"href":"https:\/\/movewalk.se\/en_gb\/wp-json\/wp\/v2\/pages\/38","targetHints":{"allow":["GET"]}}],"collection":[{"href":"https:\/\/movewalk.se\/en_gb\/wp-json\/wp\/v2\/pages"}],"about":[{"href":"https:\/\/movewalk.se\/en_gb\/wp-json\/wp\/v2\/types\/page"}],"author":[{"embeddable":true,"href":"https:\/\/movewalk.se\/en_gb\/wp-json\/wp\/v2\/users\/1"}],"replies":[{"embeddable":true,"href":"https:\/\/movewalk.se\/en_gb\/wp-json\/wp\/v2\/comments?post=38"}],"version-history":[{"count":36,"href":"https:\/\/movewalk.se\/en_gb\/wp-json\/wp\/v2\/pages\/38\/revisions"}],"predecessor-version":[{"id":2836,"href":"https:\/\/movewalk.se\/en_gb\/wp-json\/wp\/v2\/pages\/38\/revisions\/2836"}],"wp:attachment":[{"href":"https:\/\/movewalk.se\/en_gb\/wp-json\/wp\/v2\/media?parent=38"}],"curies":[{"name":"wp","href":"https:\/\/api.w.org\/{rel}","templated":true}]}}